{"id":4927,"date":"2024-06-12T12:06:24","date_gmt":"2024-06-12T07:06:24","guid":{"rendered":"https:\/\/radiusxr.com\/a-propos\/steven-shulman\/"},"modified":"2025-08-19T14:41:59","modified_gmt":"2025-08-19T09:41:59","slug":"steven-shulman","status":"publish","type":"page","link":"https:\/\/radiusxr.com\/fr-ca\/a-propos\/steven-shulman\/","title":{"rendered":"Steven Shulman"},"content":{"rendered":"\t\t<div data-elementor-type=\"wp-page\" data-elementor-id=\"4927\" class=\"elementor elementor-4927 elementor-1827\" data-elementor-post-type=\"page\">\n\t\t\t\t\t\t<section class=\"elementor-section elementor-top-section elementor-element elementor-element-bdfb504 elementor-hidden-desktop elementor-hidden-tablet elementor-section-boxed elementor-section-height-default elementor-section-height-default\" data-id=\"bdfb504\" data-element_type=\"section\">\n\t\t\t\t\t\t<div class=\"elementor-container elementor-column-gap-default\">\n\t\t\t\t\t<div class=\"elementor-column elementor-col-50 elementor-top-column elementor-element elementor-element-00c5217\" data-id=\"00c5217\" data-element_type=\"column\">\n\t\t\t<div class=\"elementor-widget-wrap elementor-element-populated\">\n\t\t\t\t\t\t<div class=\"elementor-element elementor-element-4521f61 elementor-widget-mobile__width-auto elementor-widget elementor-widget-image\" data-id=\"4521f61\" data-element_type=\"widget\" data-widget_type=\"image.default\">\n\t\t\t\t<div class=\"elementor-widget-container\">\n\t\t\t\t\t\t\t\t\t\t\t\t\t<img fetchpriority=\"high\" decoding=\"async\" width=\"678\" height=\"1024\" src=\"https:\/\/radiusxr.com\/wp-content\/uploads\/2024\/06\/Steven-Shulman-678x1024.webp\" class=\"attachment-large size-large wp-image-4928\" alt=\"Steven Shulman\" srcset=\"https:\/\/radiusxr.com\/wp-content\/uploads\/2024\/06\/Steven-Shulman-678x1024.webp 678w, https:\/\/radiusxr.com\/wp-content\/uploads\/2024\/06\/Steven-Shulman-199x300.webp 199w, https:\/\/radiusxr.com\/wp-content\/uploads\/2024\/06\/Steven-Shulman-768x1161.webp 768w, https:\/\/radiusxr.com\/wp-content\/uploads\/2024\/06\/Steven-Shulman.webp 810w\" sizes=\"(max-width: 678px) 100vw, 678px\" \/>\t\t\t\t\t\t\t\t\t\t\t\t\t<\/div>\n\t\t\t\t<\/div>\n\t\t\t\t\t<\/div>\n\t\t<\/div>\n\t\t\t\t<div class=\"elementor-column elementor-col-50 elementor-top-column elementor-element elementor-element-e38e84b\" data-id=\"e38e84b\" data-element_type=\"column\">\n\t\t\t<div class=\"elementor-widget-wrap elementor-element-populated\">\n\t\t\t\t\t\t<div class=\"elementor-element elementor-element-6a53456 elementor-widget elementor-widget-heading\" data-id=\"6a53456\" data-element_type=\"widget\" data-widget_type=\"heading.default\">\n\t\t\t\t<div class=\"elementor-widget-container\">\n\t\t\t<h2 class=\"elementor-heading-title elementor-size-default\">R\u00f4le<\/h2>\t\t<\/div>\n\t\t\t\t<\/div>\n\t\t\t\t<div class=\"elementor-element elementor-element-76ddd6c elementor-widget elementor-widget-heading\" data-id=\"76ddd6c\" data-element_type=\"widget\" data-widget_type=\"heading.default\">\n\t\t\t\t<div class=\"elementor-widget-container\">\n\t\t\t<h2 class=\"elementor-heading-title elementor-size-default\">Membre du conseil d\u2019administration, investisseur<\/h2>\t\t<\/div>\n\t\t\t\t<\/div>\n\t\t\t\t<div class=\"elementor-element elementor-element-fe3de39 elementor-widget elementor-widget-heading\" data-id=\"fe3de39\" data-element_type=\"widget\" data-widget_type=\"heading.default\">\n\t\t\t\t<div class=\"elementor-widget-container\">\n\t\t\t<h2 class=\"elementor-heading-title elementor-size-default\">Instituts affili\u00e9s<\/h2>\t\t<\/div>\n\t\t\t\t<\/div>\n\t\t\t\t<div class=\"elementor-element elementor-element-30a11d5 elementor-widget__width-initial elementor-widget-tablet__width-initial elementor-widget-mobile__width-inherit elementor-widget elementor-widget-heading\" data-id=\"30a11d5\" data-element_type=\"widget\" data-widget_type=\"heading.default\">\n\t\t\t\t<div class=\"elementor-widget-container\">\n\t\t\t<h2 class=\"elementor-heading-title elementor-size-default\">conseil d\u2019administration, Walgreens; pr\u00e9sident du conseil d\u2019administration de CareCentrix; Pr\u00e9sident du conseil d\u2019administration, R1<\/h2>\t\t<\/div>\n\t\t\t\t<\/div>\n\t\t\t\t\t<\/div>\n\t\t<\/div>\n\t\t\t\t\t<\/div>\n\t\t<\/section>\n\t\t\t\t<section class=\"elementor-section elementor-top-section elementor-element elementor-element-39134d9 elementor-section-boxed elementor-section-height-default elementor-section-height-default\" data-id=\"39134d9\" data-element_type=\"section\">\n\t\t\t\t\t\t<div class=\"elementor-container elementor-column-gap-default\">\n\t\t\t\t\t<div class=\"elementor-column elementor-col-33 elementor-top-column elementor-element elementor-element-b4f569a elementor-hidden-mobile\" data-id=\"b4f569a\" data-element_type=\"column\">\n\t\t\t<div class=\"elementor-widget-wrap elementor-element-populated\">\n\t\t\t\t\t\t<div class=\"elementor-element elementor-element-c3a3779 elementor-widget-mobile__width-auto elementor-widget elementor-widget-image\" data-id=\"c3a3779\" data-element_type=\"widget\" data-widget_type=\"image.default\">\n\t\t\t\t<div class=\"elementor-widget-container\">\n\t\t\t\t\t\t\t\t\t\t\t\t\t<img fetchpriority=\"high\" decoding=\"async\" width=\"678\" height=\"1024\" src=\"https:\/\/radiusxr.com\/wp-content\/uploads\/2024\/06\/Steven-Shulman-678x1024.webp\" class=\"attachment-large size-large wp-image-4928\" alt=\"Steven Shulman\" srcset=\"https:\/\/radiusxr.com\/wp-content\/uploads\/2024\/06\/Steven-Shulman-678x1024.webp 678w, https:\/\/radiusxr.com\/wp-content\/uploads\/2024\/06\/Steven-Shulman-199x300.webp 199w, https:\/\/radiusxr.com\/wp-content\/uploads\/2024\/06\/Steven-Shulman-768x1161.webp 768w, https:\/\/radiusxr.com\/wp-content\/uploads\/2024\/06\/Steven-Shulman.webp 810w\" sizes=\"(max-width: 678px) 100vw, 678px\" \/>\t\t\t\t\t\t\t\t\t\t\t\t\t<\/div>\n\t\t\t\t<\/div>\n\t\t\t\t<div class=\"elementor-element elementor-element-f8b166f elementor-widget elementor-widget-heading\" data-id=\"f8b166f\" data-element_type=\"widget\" data-widget_type=\"heading.default\">\n\t\t\t\t<div class=\"elementor-widget-container\">\n\t\t\t<h2 class=\"elementor-heading-title elementor-size-default\">R\u00f4le<\/h2>\t\t<\/div>\n\t\t\t\t<\/div>\n\t\t\t\t<div class=\"elementor-element elementor-element-e2cc8bf elementor-widget-tablet__width-initial elementor-widget elementor-widget-heading\" data-id=\"e2cc8bf\" data-element_type=\"widget\" data-widget_type=\"heading.default\">\n\t\t\t\t<div class=\"elementor-widget-container\">\n\t\t\t<h2 class=\"elementor-heading-title elementor-size-default\">Membre du conseil d\u2019administration, investisseur<\/h2>\t\t<\/div>\n\t\t\t\t<\/div>\n\t\t\t\t<div class=\"elementor-element elementor-element-26596b8 elementor-widget elementor-widget-heading\" data-id=\"26596b8\" data-element_type=\"widget\" data-widget_type=\"heading.default\">\n\t\t\t\t<div class=\"elementor-widget-container\">\n\t\t\t<h2 class=\"elementor-heading-title elementor-size-default\">Instituts affili\u00e9s<\/h2>\t\t<\/div>\n\t\t\t\t<\/div>\n\t\t\t\t<div class=\"elementor-element elementor-element-3a44fd7 elementor-widget__width-initial elementor-widget-tablet__width-initial elementor-widget elementor-widget-heading\" data-id=\"3a44fd7\" data-element_type=\"widget\" data-widget_type=\"heading.default\">\n\t\t\t\t<div class=\"elementor-widget-container\">\n\t\t\t<h2 class=\"elementor-heading-title elementor-size-default\">conseil d\u2019administration, Walgreens; pr\u00e9sident du conseil d\u2019administration de CareCentrix; Pr\u00e9sident du conseil d\u2019administration, R1<\/h2>\t\t<\/div>\n\t\t\t\t<\/div>\n\t\t\t\t\t<\/div>\n\t\t<\/div>\n\t\t\t\t<div class=\"elementor-column elementor-col-66 elementor-top-column elementor-element elementor-element-268e247\" data-id=\"268e247\" data-element_type=\"column\">\n\t\t\t<div class=\"elementor-widget-wrap elementor-element-populated\">\n\t\t\t\t\t\t<section class=\"elementor-section elementor-inner-section elementor-element elementor-element-a4da78e elementor-section-full_width elementor-section-height-default elementor-section-height-default\" data-id=\"a4da78e\" data-element_type=\"section\">\n\t\t\t\t\t\t<div class=\"elementor-container elementor-column-gap-default\">\n\t\t\t\t\t<div class=\"elementor-column elementor-col-100 elementor-inner-column elementor-element elementor-element-cde2320\" data-id=\"cde2320\" data-element_type=\"column\">\n\t\t\t<div class=\"elementor-widget-wrap elementor-element-populated\">\n\t\t\t\t\t\t<div class=\"elementor-element elementor-element-6ff4d04 elementor-widget-tablet__width-initial elementor-widget-mobile__width-inherit elementor-widget elementor-widget-heading\" data-id=\"6ff4d04\" data-element_type=\"widget\" data-widget_type=\"heading.default\">\n\t\t\t\t<div class=\"elementor-widget-container\">\n\t\t\t<h2 class=\"elementor-heading-title elementor-size-default\">Steven Shulman<\/h2>\t\t<\/div>\n\t\t\t\t<\/div>\n\t\t\t\t<div class=\"elementor-element elementor-element-b5082ed elementor-widget__width-initial elementor-widget-mobile__width-inherit elementor-widget elementor-widget-text-editor\" data-id=\"b5082ed\" data-element_type=\"widget\" data-widget_type=\"text-editor.default\">\n\t\t\t\t<div class=\"elementor-widget-container\">\n\t\t\t\t\t\t\t<p>Steven Shulman est associ\u00e9 directeur de Shulman Family Ventures, une soci\u00e9t\u00e9 de capital-investissement, depuis 2008. Il est l\u2019ancien pr\u00e9sident et chef de la direction de <span style=\"text-decoration: underline;\"><a style=\"color: #00658b; text-decoration: underline;\" href=\"https:\/\/www.magellanhealth.com\/\">Magellan Health Services<\/a><\/span> (NASDAQ : MGLN), o\u00f9 il a dirig\u00e9 le redressement r\u00e9ussi de l\u2019entreprise, sa restructuration apr\u00e8s la faillite et sa diversification pour devenir la plus importante soci\u00e9t\u00e9 de soins de sant\u00e9 sp\u00e9cialis\u00e9s du pays. Il a \u00e9galement dirig\u00e9 <span style=\"text-decoration: underline;\"><a style=\"color: #00658b; text-decoration: underline;\" href=\"https:\/\/www.prudential.com\/\">Prudential Healthcare<\/a><\/span> tout au long de son redressement majeur en tant que pr\u00e9sident du conseil, pr\u00e9sident et chef de la direction de l\u2019entreprise, qui a abouti \u00e0 la vente r\u00e9ussie de l\u2019entreprise \u00e0 <span style=\"text-decoration: underline;\"><a style=\"color: #00658b; text-decoration: underline;\" href=\"https:\/\/www.aetna.com\/\">Aetna<\/a><\/span>. Steve a \u00e9galement \u00e9t\u00e9 le cofondateur de <span style=\"text-decoration: underline;\"><a style=\"color: #00658b; text-decoration: underline;\" href=\"https:\/\/valuehealth.com\/\">Value Health, Inc.,<\/a><\/span> une soci\u00e9t\u00e9 de soins g\u00e9r\u00e9s par le NYSE sp\u00e9cialis\u00e9e dans la sant\u00e9 comportementale et la gestion des m\u00e9dicaments sur ordonnance.   <br><br>Steve est actuellement pr\u00e9sident du conseil d\u2019administration de CareCentrix. Il est \u00e9galement administrateur de VillageMD, MedImpact, Healthmarkets, Pager et Facet Technologies. <br><br>Steve a \u00e9galement \u00e9t\u00e9 pr\u00e9sident du conseil d\u2019administration de la soci\u00e9t\u00e9 de gestion du cycle des revenus des soins de sant\u00e9 R1 (NASDAQ), <span style=\"text-decoration: underline;\"><a style=\"color: #00658b; text-decoration: underline;\" href=\"https:\/\/www.healthmanagement.com\/?utm_source=cpc&amp;utm_medium=google&amp;gclid=CjwKCAjw-sqKBhBjEiwAVaQ9ayRRHN6jHd-wRLq1Z0Gr1NNpHisNyUwpuX3RM4nKqTCrMo1DvdXOIRoCwdgQAvD_BwE\">Health Management Associates<\/a><\/span>, o\u00f9 il a particip\u00e9 avec succ\u00e8s \u00e0 une prise de contr\u00f4le hostile et a organis\u00e9 sa vente \u00e0 CHS pour 7,6 milliards de dollars, qui a \u00e9t\u00e9 conclue au d\u00e9but de 2014. Il a pr\u00e9c\u00e9demment fond\u00e9 Internet HealthCare Group, un fonds de capital-risque ax\u00e9 sur l\u2019intersection des entreprises de soins de sant\u00e9 et de technologie en d\u00e9marrage. Avant cela, Steve a occup\u00e9 des postes de haute direction chez Cigna et Kaiser.  <br><br>Les qualifications de Steve en tant qu\u2019administrateur comprennent sa vaste exp\u00e9rience dans le secteur des soins de sant\u00e9, notamment en tant que chef de la direction de plusieurs grandes organisations du secteur de la sant\u00e9 et en tant qu\u2019associ\u00e9 d\u2019exploitation d\u2019une soci\u00e9t\u00e9 de capital-investissement dans le secteur de la sant\u00e9, ainsi que ses r\u00f4les en tant qu\u2019administrateur de plusieurs soci\u00e9t\u00e9s priv\u00e9es.<\/p>\t\t\t\t\t\t<\/div>\n\t\t\t\t<\/div>\n\t\t\t\t\t<\/div>\n\t\t<\/div>\n\t\t\t\t\t<\/div>\n\t\t<\/section>\n\t\t\t\t<section class=\"elementor-section elementor-inner-section elementor-element elementor-element-b87b492 nav-btns-section elementor-section-boxed elementor-section-height-default elementor-section-height-default\" data-id=\"b87b492\" data-element_type=\"section\">\n\t\t\t\t\t\t<div class=\"elementor-container elementor-column-gap-default\">\n\t\t\t\t\t<div class=\"elementor-column elementor-col-100 elementor-inner-column elementor-element elementor-element-7be55c4\" data-id=\"7be55c4\" data-element_type=\"column\">\n\t\t\t<div class=\"elementor-widget-wrap elementor-element-populated\">\n\t\t\t\t\t\t<div class=\"elementor-element elementor-element-abc5a4d elementor-align-left elementor-widget__width-auto elementor-widget elementor-widget-button\" data-id=\"abc5a4d\" data-element_type=\"widget\" data-widget_type=\"button.default\">\n\t\t\t\t<div class=\"elementor-widget-container\">\n\t\t\t\t\t<div class=\"elementor-button-wrapper\">\n\t\t\t<a class=\"elementor-button elementor-button-link elementor-size-sm\" href=\"https:\/\/radiusxr.com\/fr-ca\/a-propos\/larry-leisure\/\">\n\t\t\t\t\t\t<span class=\"elementor-button-content-wrapper\">\n\t\t\t\t\t\t<span class=\"elementor-button-icon\">\n\t\t\t\t<svg xmlns=\"http:\/\/www.w3.org\/2000\/svg\" width=\"21\" height=\"25\" viewBox=\"0 0 21 25\" fill=\"none\"><path d=\"M15.5005 11.5007H4.33047L9.21047 6.6207C9.60047 6.2307 9.60047 5.5907 9.21047 5.2007C8.82047 4.8107 8.19047 4.8107 7.80047 5.2007L1.21047 11.7907C0.820469 12.1807 0.820469 12.8107 1.21047 13.2007L7.80047 19.7907C8.19047 20.1807 8.82047 20.1807 9.21047 19.7907C9.60047 19.4007 9.60047 18.7707 9.21047 18.3807L4.33047 13.5007H15.5005C16.0505 13.5007 16.5005 13.0507 16.5005 12.5007C16.5005 11.9507 16.0505 11.5007 15.5005 11.5007Z\" fill=\"#00658B\"><\/path><\/svg>\t\t\t<\/span>\n\t\t\t\t\t\t\t\t\t<span class=\"elementor-button-text\">Pr\u00e9c\u00e9dent<\/span>\n\t\t\t\t\t<\/span>\n\t\t\t\t\t<\/a>\n\t\t<\/div>\n\t\t\t\t<\/div>\n\t\t\t\t<\/div>\n\t\t\t\t<div class=\"elementor-element elementor-element-6dbbdf7 elementor-align-left elementor-widget__width-auto elementor-widget-mobile__width-auto elementor-widget elementor-widget-button\" data-id=\"6dbbdf7\" data-element_type=\"widget\" data-widget_type=\"button.default\">\n\t\t\t\t<div class=\"elementor-widget-container\">\n\t\t\t\t\t<div class=\"elementor-button-wrapper\">\n\t\t\t<a class=\"elementor-button elementor-button-link elementor-size-sm\" href=\"https:\/\/radiusxr.com\/about\/mary-tolan\/\">\n\t\t\t\t\t\t<span class=\"elementor-button-content-wrapper\">\n\t\t\t\t\t\t<span class=\"elementor-button-icon\">\n\t\t\t\t<svg xmlns=\"http:\/\/www.w3.org\/2000\/svg\" width=\"22\" height=\"25\" viewBox=\"0 0 22 25\" fill=\"none\"><path d=\"M5 13.5007H16.17L11.29 18.3807C10.9 18.7707 10.9 19.4107 11.29 19.8007C11.68 20.1907 12.31 20.1907 12.7 19.8007L19.29 13.2107C19.68 12.8207 19.68 12.1907 19.29 11.8007L12.71 5.2007C12.32 4.8107 11.69 4.8107 11.3 5.2007C10.91 5.5907 10.91 6.2207 11.3 6.6107L16.17 11.5007H5C4.45 11.5007 4 11.9507 4 12.5007C4 13.0507 4.45 13.5007 5 13.5007Z\" fill=\"#00658B\"><\/path><\/svg>\t\t\t<\/span>\n\t\t\t\t\t\t\t\t\t<span class=\"elementor-button-text\">Suivant<\/span>\n\t\t\t\t\t<\/span>\n\t\t\t\t\t<\/a>\n\t\t<\/div>\n\t\t\t\t<\/div>\n\t\t\t\t<\/div>\n\t\t\t\t\t<\/div>\n\t\t<\/div>\n\t\t\t\t\t<\/div>\n\t\t<\/section>\n\t\t\t\t\t<\/div>\n\t\t<\/div>\n\t\t\t\t\t<\/div>\n\t\t<\/section>\n\t\t\t\t<\/div>\n\t\t","protected":false},"excerpt":{"rendered":"<p>R\u00f4le Membre du conseil d\u2019administration, investisseur Instituts affili\u00e9s conseil d\u2019administration, Walgreens; pr\u00e9sident du conseil d\u2019administration de CareCentrix; Pr\u00e9sident du conseil d\u2019administration, R1 R\u00f4le Membre du conseil d\u2019administration, investisseur Instituts affili\u00e9s conseil d\u2019administration, Walgreens; pr\u00e9sident du conseil d\u2019administration de CareCentrix; Pr\u00e9sident du conseil d\u2019administration, R1 Steven Shulman Steven Shulman est associ\u00e9 directeur de Shulman Family Ventures, [&hellip;]<\/p>\n","protected":false},"author":3,"featured_media":0,"parent":4483,"menu_order":0,"comment_status":"closed","ping_status":"closed","template":"elementor_header_footer","meta":{"_acf_changed":false,"footnotes":""},"class_list":["post-4927","page","type-page","status-publish","hentry"],"acf":[],"yoast_head":"<!-- This site is optimized with the Yoast SEO plugin v27.4 - https:\/\/yoast.com\/product\/yoast-seo-wordpress\/ -->\n<title>Steven Shulman, Conseil d\u2019administration | Rayon XR<\/title>\n<meta name=\"description\" content=\"Apprenez-en plus sur Steven Shulman, associ\u00e9 fondateur de Shulman Family Ventures, et son r\u00f4le au sein du conseil d\u2019administration. Shulman a jou\u00e9 un r\u00f4le central dans la croissance de RadiusXR.\" \/>\n<meta name=\"robots\" content=\"index, follow, max-snippet:-1, max-image-preview:large, max-video-preview:-1\" \/>\n<link rel=\"canonical\" href=\"https:\/\/radiusxr.com\/fr-ca\/a-propos\/steven-shulman\/\" \/>\n<meta property=\"og:locale\" content=\"fr_CA\" \/>\n<meta property=\"og:type\" content=\"article\" \/>\n<meta property=\"og:title\" content=\"Steven Shulman, Conseil d\u2019administration | Rayon XR\" \/>\n<meta property=\"og:description\" content=\"Apprenez-en plus sur Steven Shulman, associ\u00e9 fondateur de Shulman Family Ventures, et son r\u00f4le au sein du conseil d\u2019administration. Shulman a jou\u00e9 un r\u00f4le central dans la croissance de RadiusXR.\" \/>\n<meta property=\"og:url\" content=\"https:\/\/radiusxr.com\/fr-ca\/a-propos\/steven-shulman\/\" \/>\n<meta property=\"og:site_name\" content=\"RadiusXR\" \/>\n<meta property=\"article:publisher\" content=\"https:\/\/www.facebook.com\/radiuspleasanton\/\" \/>\n<meta property=\"article:modified_time\" content=\"2025-08-19T09:41:59+00:00\" \/>\n<meta property=\"og:image\" content=\"https:\/\/radiusxr.com\/wp-content\/uploads\/2024\/06\/Steven-Shulman.webp\" \/>\n\t<meta property=\"og:image:width\" content=\"810\" \/>\n\t<meta property=\"og:image:height\" content=\"1224\" \/>\n\t<meta property=\"og:image:type\" content=\"image\/webp\" \/>\n<meta name=\"twitter:card\" content=\"summary_large_image\" \/>\n<meta name=\"twitter:title\" content=\"Steven Shulman, Conseil d\u2019administration | Rayon XR\" \/>\n<meta name=\"twitter:description\" content=\"Apprenez-en plus sur Steven Shulman, associ\u00e9 fondateur de Shulman Family Ventures, et son r\u00f4le au sein du conseil d\u2019administration. Shulman a jou\u00e9 un r\u00f4le central dans la croissance de RadiusXR.\" \/>\n<meta name=\"twitter:label1\" content=\"Est. reading time\" \/>\n\t<meta name=\"twitter:data1\" content=\"2 minutes\" \/>\n<script type=\"application\/ld+json\" class=\"yoast-schema-graph\">{\"@context\":\"https:\\\/\\\/schema.org\",\"@graph\":[{\"@type\":\"WebPage\",\"@id\":\"https:\\\/\\\/radiusxr.com\\\/fr-ca\\\/a-propos\\\/steven-shulman\\\/\",\"url\":\"https:\\\/\\\/radiusxr.com\\\/fr-ca\\\/a-propos\\\/steven-shulman\\\/\",\"name\":\"Steven Shulman, Conseil d\u2019administration | Rayon XR\",\"isPartOf\":{\"@id\":\"https:\\\/\\\/radiusxr.com\\\/fr-ca\\\/#website\"},\"primaryImageOfPage\":{\"@id\":\"https:\\\/\\\/radiusxr.com\\\/fr-ca\\\/a-propos\\\/steven-shulman\\\/#primaryimage\"},\"image\":{\"@id\":\"https:\\\/\\\/radiusxr.com\\\/fr-ca\\\/a-propos\\\/steven-shulman\\\/#primaryimage\"},\"thumbnailUrl\":\"https:\\\/\\\/radiusxr.com\\\/wp-content\\\/uploads\\\/2024\\\/06\\\/Steven-Shulman-678x1024.webp\",\"datePublished\":\"2024-06-12T07:06:24+00:00\",\"dateModified\":\"2025-08-19T09:41:59+00:00\",\"description\":\"Apprenez-en plus sur Steven Shulman, associ\u00e9 fondateur de Shulman Family Ventures, et son r\u00f4le au sein du conseil d\u2019administration. Shulman a jou\u00e9 un r\u00f4le central dans la croissance de RadiusXR.\",\"breadcrumb\":{\"@id\":\"https:\\\/\\\/radiusxr.com\\\/fr-ca\\\/a-propos\\\/steven-shulman\\\/#breadcrumb\"},\"inLanguage\":\"fr-CA\",\"potentialAction\":[{\"@type\":\"ReadAction\",\"target\":[\"https:\\\/\\\/radiusxr.com\\\/fr-ca\\\/a-propos\\\/steven-shulman\\\/\"]}]},{\"@type\":\"ImageObject\",\"inLanguage\":\"fr-CA\",\"@id\":\"https:\\\/\\\/radiusxr.com\\\/fr-ca\\\/a-propos\\\/steven-shulman\\\/#primaryimage\",\"url\":\"https:\\\/\\\/radiusxr.com\\\/wp-content\\\/uploads\\\/2024\\\/06\\\/Steven-Shulman-678x1024.webp\",\"contentUrl\":\"https:\\\/\\\/radiusxr.com\\\/wp-content\\\/uploads\\\/2024\\\/06\\\/Steven-Shulman-678x1024.webp\"},{\"@type\":\"BreadcrumbList\",\"@id\":\"https:\\\/\\\/radiusxr.com\\\/fr-ca\\\/a-propos\\\/steven-shulman\\\/#breadcrumb\",\"itemListElement\":[{\"@type\":\"ListItem\",\"position\":1,\"name\":\"Home\",\"item\":\"https:\\\/\\\/radiusxr.com\\\/fr-ca\\\/\"},{\"@type\":\"ListItem\",\"position\":2,\"name\":\"\u00c0 propos\",\"item\":\"https:\\\/\\\/radiusxr.com\\\/fr-ca\\\/about\\\/\"},{\"@type\":\"ListItem\",\"position\":3,\"name\":\"Steven Shulman\"}]},{\"@type\":\"WebSite\",\"@id\":\"https:\\\/\\\/radiusxr.com\\\/fr-ca\\\/#website\",\"url\":\"https:\\\/\\\/radiusxr.com\\\/fr-ca\\\/\",\"name\":\"RadiusXR\",\"description\":\"See more opportunities\",\"publisher\":{\"@id\":\"https:\\\/\\\/radiusxr.com\\\/fr-ca\\\/#organization\"},\"potentialAction\":[{\"@type\":\"SearchAction\",\"target\":{\"@type\":\"EntryPoint\",\"urlTemplate\":\"https:\\\/\\\/radiusxr.com\\\/fr-ca\\\/?s={search_term_string}\"},\"query-input\":{\"@type\":\"PropertyValueSpecification\",\"valueRequired\":true,\"valueName\":\"search_term_string\"}}],\"inLanguage\":\"fr-CA\"},{\"@type\":\"Organization\",\"@id\":\"https:\\\/\\\/radiusxr.com\\\/fr-ca\\\/#organization\",\"name\":\"RadiusXR\",\"url\":\"https:\\\/\\\/radiusxr.com\\\/fr-ca\\\/\",\"logo\":{\"@type\":\"ImageObject\",\"inLanguage\":\"fr-CA\",\"@id\":\"https:\\\/\\\/radiusxr.com\\\/fr-ca\\\/#\\\/schema\\\/logo\\\/image\\\/\",\"url\":\"https:\\\/\\\/radiusxr.com\\\/wp-content\\\/uploads\\\/2024\\\/05\\\/Radius-XR-Logo-4x.png\",\"contentUrl\":\"https:\\\/\\\/radiusxr.com\\\/wp-content\\\/uploads\\\/2024\\\/05\\\/Radius-XR-Logo-4x.png\",\"width\":475,\"height\":192,\"caption\":\"RadiusXR\"},\"image\":{\"@id\":\"https:\\\/\\\/radiusxr.com\\\/fr-ca\\\/#\\\/schema\\\/logo\\\/image\\\/\"},\"sameAs\":[\"https:\\\/\\\/www.facebook.com\\\/radiuspleasanton\\\/\",\"https:\\\/\\\/www.linkedin.com\\\/company\\\/radius-xr\",\"https:\\\/\\\/www.instagram.com\\\/radius_inc\\\/\"]}]}<\/script>\n<!-- \/ Yoast SEO plugin. -->","yoast_head_json":{"title":"Steven Shulman, Conseil d\u2019administration | Rayon XR","description":"Apprenez-en plus sur Steven Shulman, associ\u00e9 fondateur de Shulman Family Ventures, et son r\u00f4le au sein du conseil d\u2019administration. Shulman a jou\u00e9 un r\u00f4le central dans la croissance de RadiusXR.","robots":{"index":"index","follow":"follow","max-snippet":"max-snippet:-1","max-image-preview":"max-image-preview:large","max-video-preview":"max-video-preview:-1"},"canonical":"https:\/\/radiusxr.com\/fr-ca\/a-propos\/steven-shulman\/","og_locale":"fr_CA","og_type":"article","og_title":"Steven Shulman, Conseil d\u2019administration | Rayon XR","og_description":"Apprenez-en plus sur Steven Shulman, associ\u00e9 fondateur de Shulman Family Ventures, et son r\u00f4le au sein du conseil d\u2019administration. Shulman a jou\u00e9 un r\u00f4le central dans la croissance de RadiusXR.","og_url":"https:\/\/radiusxr.com\/fr-ca\/a-propos\/steven-shulman\/","og_site_name":"RadiusXR","article_publisher":"https:\/\/www.facebook.com\/radiuspleasanton\/","article_modified_time":"2025-08-19T09:41:59+00:00","og_image":[{"width":810,"height":1224,"url":"https:\/\/radiusxr.com\/wp-content\/uploads\/2024\/06\/Steven-Shulman.webp","type":"image\/webp"}],"twitter_card":"summary_large_image","twitter_title":"Steven Shulman, Conseil d\u2019administration | Rayon XR","twitter_description":"Apprenez-en plus sur Steven Shulman, associ\u00e9 fondateur de Shulman Family Ventures, et son r\u00f4le au sein du conseil d\u2019administration. Shulman a jou\u00e9 un r\u00f4le central dans la croissance de RadiusXR.","twitter_misc":{"Est. reading time":"2 minutes"},"schema":{"@context":"https:\/\/schema.org","@graph":[{"@type":"WebPage","@id":"https:\/\/radiusxr.com\/fr-ca\/a-propos\/steven-shulman\/","url":"https:\/\/radiusxr.com\/fr-ca\/a-propos\/steven-shulman\/","name":"Steven Shulman, Conseil d\u2019administration | Rayon XR","isPartOf":{"@id":"https:\/\/radiusxr.com\/fr-ca\/#website"},"primaryImageOfPage":{"@id":"https:\/\/radiusxr.com\/fr-ca\/a-propos\/steven-shulman\/#primaryimage"},"image":{"@id":"https:\/\/radiusxr.com\/fr-ca\/a-propos\/steven-shulman\/#primaryimage"},"thumbnailUrl":"https:\/\/radiusxr.com\/wp-content\/uploads\/2024\/06\/Steven-Shulman-678x1024.webp","datePublished":"2024-06-12T07:06:24+00:00","dateModified":"2025-08-19T09:41:59+00:00","description":"Apprenez-en plus sur Steven Shulman, associ\u00e9 fondateur de Shulman Family Ventures, et son r\u00f4le au sein du conseil d\u2019administration. Shulman a jou\u00e9 un r\u00f4le central dans la croissance de RadiusXR.","breadcrumb":{"@id":"https:\/\/radiusxr.com\/fr-ca\/a-propos\/steven-shulman\/#breadcrumb"},"inLanguage":"fr-CA","potentialAction":[{"@type":"ReadAction","target":["https:\/\/radiusxr.com\/fr-ca\/a-propos\/steven-shulman\/"]}]},{"@type":"ImageObject","inLanguage":"fr-CA","@id":"https:\/\/radiusxr.com\/fr-ca\/a-propos\/steven-shulman\/#primaryimage","url":"https:\/\/radiusxr.com\/wp-content\/uploads\/2024\/06\/Steven-Shulman-678x1024.webp","contentUrl":"https:\/\/radiusxr.com\/wp-content\/uploads\/2024\/06\/Steven-Shulman-678x1024.webp"},{"@type":"BreadcrumbList","@id":"https:\/\/radiusxr.com\/fr-ca\/a-propos\/steven-shulman\/#breadcrumb","itemListElement":[{"@type":"ListItem","position":1,"name":"Home","item":"https:\/\/radiusxr.com\/fr-ca\/"},{"@type":"ListItem","position":2,"name":"\u00c0 propos","item":"https:\/\/radiusxr.com\/fr-ca\/about\/"},{"@type":"ListItem","position":3,"name":"Steven Shulman"}]},{"@type":"WebSite","@id":"https:\/\/radiusxr.com\/fr-ca\/#website","url":"https:\/\/radiusxr.com\/fr-ca\/","name":"RadiusXR","description":"See more opportunities","publisher":{"@id":"https:\/\/radiusxr.com\/fr-ca\/#organization"},"potentialAction":[{"@type":"SearchAction","target":{"@type":"EntryPoint","urlTemplate":"https:\/\/radiusxr.com\/fr-ca\/?s={search_term_string}"},"query-input":{"@type":"PropertyValueSpecification","valueRequired":true,"valueName":"search_term_string"}}],"inLanguage":"fr-CA"},{"@type":"Organization","@id":"https:\/\/radiusxr.com\/fr-ca\/#organization","name":"RadiusXR","url":"https:\/\/radiusxr.com\/fr-ca\/","logo":{"@type":"ImageObject","inLanguage":"fr-CA","@id":"https:\/\/radiusxr.com\/fr-ca\/#\/schema\/logo\/image\/","url":"https:\/\/radiusxr.com\/wp-content\/uploads\/2024\/05\/Radius-XR-Logo-4x.png","contentUrl":"https:\/\/radiusxr.com\/wp-content\/uploads\/2024\/05\/Radius-XR-Logo-4x.png","width":475,"height":192,"caption":"RadiusXR"},"image":{"@id":"https:\/\/radiusxr.com\/fr-ca\/#\/schema\/logo\/image\/"},"sameAs":["https:\/\/www.facebook.com\/radiuspleasanton\/","https:\/\/www.linkedin.com\/company\/radius-xr","https:\/\/www.instagram.com\/radius_inc\/"]}]}},"_links":{"self":[{"href":"https:\/\/radiusxr.com\/fr-ca\/wp-json\/wp\/v2\/pages\/4927","targetHints":{"allow":["GET"]}}],"collection":[{"href":"https:\/\/radiusxr.com\/fr-ca\/wp-json\/wp\/v2\/pages"}],"about":[{"href":"https:\/\/radiusxr.com\/fr-ca\/wp-json\/wp\/v2\/types\/page"}],"author":[{"embeddable":true,"href":"https:\/\/radiusxr.com\/fr-ca\/wp-json\/wp\/v2\/users\/3"}],"replies":[{"embeddable":true,"href":"https:\/\/radiusxr.com\/fr-ca\/wp-json\/wp\/v2\/comments?post=4927"}],"version-history":[{"count":0,"href":"https:\/\/radiusxr.com\/fr-ca\/wp-json\/wp\/v2\/pages\/4927\/revisions"}],"up":[{"embeddable":true,"href":"https:\/\/radiusxr.com\/fr-ca\/wp-json\/wp\/v2\/pages\/4483"}],"wp:attachment":[{"href":"https:\/\/radiusxr.com\/fr-ca\/wp-json\/wp\/v2\/media?parent=4927"}],"curies":[{"name":"wp","href":"https:\/\/api.w.org\/{rel}","templated":true}]}}